{"id":5269,"date":"2023-03-31T14:42:38","date_gmt":"2023-03-31T12:42:38","guid":{"rendered":"https:\/\/sklep.nowymodel.org\/?post_type=product&#038;p=5269"},"modified":"2023-11-30T10:26:38","modified_gmt":"2023-11-30T09:26:38","slug":"lampa-avocado-wall","status":"publish","type":"product","link":"https:\/\/sklep.nowymodel.org\/?product=lampa-avocado-wall","title":{"rendered":"Lampa Avocado Wall &#8211; TAR"},"content":{"rendered":"<p>[et_pb_section fb_built=&#8221;1&#8243; _builder_version=&#8221;4.20.2&#8243; _module_preset=&#8221;default&#8221; module_alignment=&#8221;left&#8221; custom_margin=&#8221;-54px|||||&#8221; custom_padding=&#8221;6px||4px|||&#8221; global_colors_info=&#8221;{}&#8221;][et_pb_row _builder_version=&#8221;4.20.2&#8243; _module_preset=&#8221;default&#8221; width=&#8221;100%&#8221; module_alignment=&#8221;left&#8221; min_height=&#8221;133px&#8221; custom_margin=&#8221;-57px|auto||auto||&#8221; custom_padding=&#8221;7px||3px|||&#8221; global_colors_info=&#8221;{}&#8221;][et_pb_column type=&#8221;4_4&#8243; _builder_version=&#8221;4.20.2&#8243; _module_preset=&#8221;default&#8221; global_colors_info=&#8221;{}&#8221;][et_pb_wc_breadcrumb breadcrumb_separator=&#8221;>&#8221; _builder_version=&#8221;4.20.2&#8243; body_font=&#8221;|300||on|||||&#8221; body_text_color=&#8221;#808080&#8243; body_font_size=&#8221;14px&#8221; body_line_height=&#8221;1em&#8221; module_alignment=&#8221;left&#8221; custom_margin=&#8221;-25px|||0px|false|false&#8221; custom_padding=&#8221;|||0px|false|false&#8221; custom_padding_tablet=&#8221;|||64px|false|false&#8221; custom_padding_phone=&#8221;|||33px|false|false&#8221; custom_padding_last_edited=&#8221;on|phone&#8221; locked=&#8221;off&#8221; global_colors_info=&#8221;{}&#8221;][\/et_pb_wc_breadcrumb][\/et_pb_column][\/et_pb_row][\/et_pb_section][et_pb_section fb_built=&#8221;1&#8243; _builder_version=&#8221;4.20.2&#8243; _module_preset=&#8221;default&#8221; custom_padding=&#8221;4px||7px|||&#8221; global_colors_info=&#8221;{}&#8221;][et_pb_row column_structure=&#8221;3_5,2_5&#8243; _builder_version=&#8221;4.20.2&#8243; _module_preset=&#8221;default&#8221; custom_margin=&#8221;||20px||false|false&#8221; custom_padding=&#8221;0px||2px|||&#8221; global_colors_info=&#8221;{}&#8221;][et_pb_column type=&#8221;3_5&#8243; _builder_version=&#8221;4.20.2&#8243; _module_preset=&#8221;default&#8221; global_colors_info=&#8221;{}&#8221;][et_pb_wc_images _builder_version=&#8221;4.20.2&#8243; _module_preset=&#8221;default&#8221; global_colors_info=&#8221;{}&#8221;][\/et_pb_wc_images][\/et_pb_column][et_pb_column type=&#8221;2_5&#8243; _builder_version=&#8221;4.20.2&#8243; _module_preset=&#8221;default&#8221; global_colors_info=&#8221;{}&#8221;][et_pb_wc_title _builder_version=&#8221;4.20.2&#8243; _module_preset=&#8221;default&#8221; header_font=&#8221;|||on|||||&#8221; header_text_align=&#8221;left&#8221; header_text_color=&#8221;#404040&#8243; header_font_size=&#8221;35px&#8221; module_alignment=&#8221;center&#8221; min_height=&#8221;53px&#8221; custom_margin=&#8221;-15px||2px||false|false&#8221; custom_padding=&#8221;0px||0px||false|false&#8221; global_colors_info=&#8221;{}&#8221;][\/et_pb_wc_title][et_pb_wc_description _builder_version=&#8221;4.20.2&#8243; _module_preset=&#8221;default&#8221; body_font=&#8221;|300||||on|||&#8221; module_alignment=&#8221;left&#8221; min_height=&#8221;26px&#8221; custom_margin=&#8221;-6px||||false|false&#8221; custom_padding=&#8221;0px||0px|||&#8221; global_colors_info=&#8221;{}&#8221;][\/et_pb_wc_description][et_pb_wc_price _builder_version=&#8221;4.20.2&#8243; _module_preset=&#8221;default&#8221; body_font=&#8221;|300||||on|||&#8221; body_text_color=&#8221;#404040&#8243; body_font_size=&#8221;35px&#8221; text_orientation=&#8221;left&#8221; custom_margin=&#8221;40px||40px||true|false&#8221; global_colors_info=&#8221;{}&#8221;][\/et_pb_wc_price][et_pb_wc_add_to_cart show_quantity=&#8221;off&#8221; _builder_version=&#8221;4.20.2&#8243; _module_preset=&#8221;default&#8221; field_label_font=&#8221;|700||on|||||&#8221; fields_font=&#8221;|||on|||||&#8221; dropdown_menus_font=&#8221;|||on|||||&#8221; global_colors_info=&#8221;{}&#8221;][\/et_pb_wc_add_to_cart][et_pb_text _builder_version=&#8221;4.20.2&#8243; _module_preset=&#8221;default&#8221; text_font=&#8221;|300||on|||||&#8221; text_text_color=&#8221;#404040&#8243; module_alignment=&#8221;left&#8221; custom_margin=&#8221;45px||45px||true|false&#8221; border_color_all=&#8221;#808080&#8243; global_colors_info=&#8221;{}&#8221;]<\/p>\n<p>MATERIA\u0141:<br \/>Stal niedzewna polerowana<br \/>Mosi\u0105dz polerowany woskowany<\/p>\n<p><span class=\"Y2IQFc\" lang=\"pl\">Szacowany czas produkcji: ok 2 tygodnie<\/span><\/p>\n<p>[\/et_pb_text][\/et_pb_column][\/et_pb_row][et_pb_row column_structure=&#8221;3_5,2_5&#8243; _builder_version=&#8221;4.20.2&#8243; _module_preset=&#8221;default&#8221; custom_padding=&#8221;42px||42px||true|&#8221; global_colors_info=&#8221;{}&#8221;][et_pb_column type=&#8221;3_5&#8243; _builder_version=&#8221;4.20.2&#8243; _module_preset=&#8221;default&#8221; global_colors_info=&#8221;{}&#8221;][et_pb_text _builder_version=&#8221;4.20.2&#8243; _module_preset=&#8221;default&#8221; text_font=&#8221;|||on|||||&#8221; text_font_size=&#8221;35px&#8221; text_line_height=&#8221;1.8em&#8221; global_colors_info=&#8221;{}&#8221;]<\/p>\n<p style=\"text-align: center;\">lampa avocado wall<\/p>\n<p>[\/et_pb_text][et_pb_wc_description description_type=&#8221;description&#8221; _builder_version=&#8221;4.20.2&#8243; _module_preset=&#8221;default&#8221; body_font=&#8221;Titillium Web||||||||&#8221; body_font_size=&#8221;16px&#8221; text_orientation=&#8221;justified&#8221; border_color_all=&#8221;#BFBFBF&#8221; global_colors_info=&#8221;{}&#8221;][\/et_pb_wc_description][\/et_pb_column][et_pb_column type=&#8221;2_5&#8243; _builder_version=&#8221;4.20.2&#8243; _module_preset=&#8221;default&#8221; global_colors_info=&#8221;{}&#8221;][et_pb_divider show_divider=&#8221;off&#8221; _builder_version=&#8221;4.20.2&#8243; _module_preset=&#8221;default&#8221; min_height=&#8221;81.8px&#8221; global_colors_info=&#8221;{}&#8221;][\/et_pb_divider][\/et_pb_column][\/et_pb_row][et_pb_row _builder_version=&#8221;4.20.2&#8243; _module_preset=&#8221;default&#8221; global_colors_info=&#8221;{}&#8221;][et_pb_column type=&#8221;4_4&#8243; _builder_version=&#8221;4.20.2&#8243; _module_preset=&#8221;default&#8221; global_colors_info=&#8221;{}&#8221;][et_pb_divider divider_position=&#8221;center&#8221; _builder_version=&#8221;4.20.2&#8243; _module_preset=&#8221;default&#8221; module_alignment=&#8221;center&#8221; custom_margin=&#8221;5px||5px||true|false&#8221; global_colors_info=&#8221;{}&#8221;][\/et_pb_divider][\/et_pb_column][\/et_pb_row][\/et_pb_section][et_pb_section fb_built=&#8221;1&#8243; _builder_version=&#8221;4.20.2&#8243; _module_preset=&#8221;default&#8221; custom_padding=&#8221;3px||4px|||&#8221; global_colors_info=&#8221;{}&#8221;][et_pb_row column_structure=&#8221;1_3,1_3,1_3&#8243; _builder_version=&#8221;4.20.2&#8243; _module_preset=&#8221;default&#8221; module_alignment=&#8221;center&#8221; min_height=&#8221;182.6px&#8221; custom_margin=&#8221;0px|auto|0px|0px|true|false&#8221; custom_padding=&#8221;4px||35px|0px|false|false&#8221; locked=&#8221;off&#8221; global_colors_info=&#8221;{}&#8221;][et_pb_column type=&#8221;1_3&#8243; _builder_version=&#8221;4.20.2&#8243; _module_preset=&#8221;default&#8221; custom_padding=&#8221;|0px||0px|false|true&#8221; global_colors_info=&#8221;{}&#8221;][\/et_pb_column][et_pb_column type=&#8221;1_3&#8243; _builder_version=&#8221;4.20.2&#8243; _module_preset=&#8221;default&#8221; global_colors_info=&#8221;{}&#8221;][et_pb_text _builder_version=&#8221;4.20.2&#8243; _module_preset=&#8221;default&#8221; text_font=&#8221;|||on|||||&#8221; text_font_size=&#8221;35px&#8221; text_line_height=&#8221;1.8em&#8221; text_orientation=&#8221;center&#8221; module_alignment=&#8221;center&#8221; global_colors_info=&#8221;{}&#8221;]<\/p>\n<p>marka:<\/p>\n<p>[\/et_pb_text][et_pb_team_member image_url=&#8221;https:\/\/sklep.nowymodel.org\/wp-content\/uploads\/2023\/03\/tar.jpg&#8221; icon_color=&#8221;RGBA(255,255,255,0)&#8221; _builder_version=&#8221;4.20.2&#8243; _module_preset=&#8221;default&#8221; width=&#8221;100%&#8221; module_alignment=&#8221;center&#8221; min_height=&#8221;100px&#8221; custom_margin=&#8221;0px||||false|false&#8221; custom_padding=&#8221;0px|0px|0px|0px|false|false&#8221; child_filter_saturate=&#8221;0%&#8221; border_radii_image=&#8221;on|200px|200px|200px|200px&#8221; border_width_all_image=&#8221;1px&#8221; border_color_all_image=&#8221;#404040&#8243; locked=&#8221;off&#8221; global_colors_info=&#8221;{}&#8221;][\/et_pb_team_member][et_pb_text _builder_version=&#8221;4.20.2&#8243; _module_preset=&#8221;default&#8221; text_font=&#8221;||||||||&#8221; text_text_color=&#8221;#808080&#8243; text_font_size=&#8221;15px&#8221; text_orientation=&#8221;center&#8221; module_alignment=&#8221;center&#8221; custom_margin=&#8221;20px||20px|0px|true|false&#8221; custom_padding=&#8221;0px|0px||0px|false|true&#8221; global_colors_info=&#8221;{}&#8221;]<\/p>\n<h2>TAR &#8211; T. A. Rudkiewicz<\/h2>\n<p>[\/et_pb_text][\/et_pb_column][et_pb_column type=&#8221;1_3&#8243; _builder_version=&#8221;4.20.2&#8243; _module_preset=&#8221;default&#8221; global_colors_info=&#8221;{}&#8221;][\/et_pb_column][\/et_pb_row][et_pb_row column_structure=&#8221;1_2,1_2&#8243; _builder_version=&#8221;4.20.2&#8243; _module_preset=&#8221;default&#8221; custom_padding=&#8221;2px||2px||true|&#8221; global_colors_info=&#8221;{}&#8221;][et_pb_column type=&#8221;1_2&#8243; _builder_version=&#8221;4.20.2&#8243; _module_preset=&#8221;default&#8221; global_colors_info=&#8221;{}&#8221;][et_pb_text _builder_version=&#8221;4.20.2&#8243; _module_preset=&#8221;default&#8221; text_font=&#8221;||||||||&#8221; custom_margin=&#8221;||35px|||&#8221; global_colors_info=&#8221;{}&#8221;]<\/p>\n<p>T.A.Rudkiewicz \u2013 projektant przemys\u0142owy. W 2008 roku mianowany Designerem Roku przez Instytut Wzornictwa. Wsp\u00f3\u0142w\u0142a\u015bciciel studia projektowego NC.ART. Tw\u00f3rca TAR. Zajmuje si\u0119 projektowaniem lamp od pocz\u0105tku lat 80. W 1981 roku uzyska\u0142 w Hanowerze wyr\u00f3\u017cnienie Gute Form za projekt systemu lamp Polam-Wilkasy, kt\u00f3rego by\u0142 wsp\u00f3\u0142autorem wraz z Bartkiem Pniewskim. W 1986 wyjechal do Finlandii. Pracowa\u0142 w Ed-Design, najwi\u0119kszym w\u00f3wczas studiu projektowym w Skandynawii projektuj\u0105c m.in. pierwsze telefony dla Nokii. Dzi\u015b na sta\u0142e mieszka w obu krajach, w Polsce i Finlandii. Jest cz\u0142onkiem ORNAMO (Zwi\u0105zku Projektant\u00f3w Przemys\u0142owych w Finlandii).<\/p>\n<p>[\/et_pb_text][\/et_pb_column][et_pb_column type=&#8221;1_2&#8243; _builder_version=&#8221;4.20.2&#8243; _module_preset=&#8221;default&#8221; global_colors_info=&#8221;{}&#8221;][et_pb_text _builder_version=&#8221;4.20.2&#8243; _module_preset=&#8221;default&#8221; text_orientation=&#8221;justified&#8221; min_height=&#8221;227.3px&#8221; custom_margin=&#8221;||35px|||&#8221; global_colors_info=&#8221;{}&#8221;]<\/p>\n<p style=\"text-align: justify;\"><span>TAR stawia na profesjonalny design, wysokiej jakosci materialy oraz lokalna produkcje. Caly proces projektowy \u2013 od szkicu, poprzez geometri\u0119 CAD, a\u017c do prototypu produkcyjnego \u2013 odbywa si\u0119 wg najwy\u017cszych standard\u00f3w wzornictwa przemys\u0142owego, w zespole wykwalifikowanych projektant\u00f3w, in\u017cynier\u00f3w i modelarzy. Produkcja rowniez odbywa sie na miejscu. Siedziba TAR znajduje sie pod Warszawa. Lampy wykonywane sa na zamowienie, kazda sztuka jest produkowana indywidualnie, z najwyzsza uwaga i starannoscia. Materialy i podzespoly pochodza prawie wylacznie od polskich i Europejskich dostawc\u00f3w.<\/span><\/p>\n<p>[\/et_pb_text][\/et_pb_column][\/et_pb_row][et_pb_row _builder_version=&#8221;4.20.2&#8243; _module_preset=&#8221;default&#8221; custom_margin=&#8221;|auto|-16px|auto||&#8221; global_colors_info=&#8221;{}&#8221;][et_pb_column type=&#8221;4_4&#8243; _builder_version=&#8221;4.20.2&#8243; _module_preset=&#8221;default&#8221; global_colors_info=&#8221;{}&#8221;][et_pb_divider divider_position=&#8221;center&#8221; _builder_version=&#8221;4.20.2&#8243; _module_preset=&#8221;default&#8221; module_alignment=&#8221;center&#8221; custom_margin=&#8221;5px||5px||true|false&#8221; global_colors_info=&#8221;{}&#8221;][\/et_pb_divider][\/et_pb_column][\/et_pb_row][\/et_pb_section][et_pb_section fb_built=&#8221;1&#8243; _builder_version=&#8221;4.20.2&#8243; _module_preset=&#8221;default&#8221; custom_padding=&#8221;0px||5px|||&#8221; global_colors_info=&#8221;{}&#8221;][et_pb_row _builder_version=&#8221;4.20.2&#8243; _module_preset=&#8221;default&#8221; custom_padding=&#8221;3px||0px|||&#8221; global_colors_info=&#8221;{}&#8221;][et_pb_column type=&#8221;4_4&#8243; _builder_version=&#8221;4.20.2&#8243; _module_preset=&#8221;default&#8221; global_colors_info=&#8221;{}&#8221;][et_pb_wc_related_products posts_number=&#8221;5&#8243; columns_number=&#8221;5&#8243; include_categories=&#8221;428&#8243; icon_hover_color=&#8221;#333333&#8243; hover_overlay_color=&#8221;RGBA(64,64,64,0.69)&#8221; hover_icon=&#8221;&#xf06e;||fa||400&#8243; show_price=&#8221;off&#8221; show_rating=&#8221;off&#8221; show_sale_badge=&#8221;off&#8221; _builder_version=&#8221;4.20.2&#8243; _module_preset=&#8221;default&#8221; title_font_size=&#8221;30px&#8221; product_title_text_align=&#8221;center&#8221; product_title_font_size=&#8221;16px&#8221; global_colors_info=&#8221;{}&#8221;][\/et_pb_wc_related_products][\/et_pb_column][\/et_pb_row][\/et_pb_section]<\/p>\n","protected":false},"excerpt":{"rendered":"<p>Tomasz Andrzej Rudkiewicz<\/p>\n","protected":false},"featured_media":2776,"template":"","meta":{"_et_pb_use_builder":"on","_et_pb_old_content":"Pasuje zar\u00f3wno do wn\u0119trz klasycznych jak i nowoczesnych. Lista zastosowa\u0144 jest szeroka: od lampki nocnej po o\u015bwietlenie przy lustrze, w hallu, eleganckiej \u0142azience. Nadaje si\u0119 do domu, jak r\u00f3wnie\u017c do wn\u0119trza hotelu lub restauracji. Avocado Wall projektu Tomasza A. Rudkiewicza pe\u0142ni funkcj\u0119 o\u015bwietlenia uzupe\u0142niaj\u0105cego i nastrojowego. Wykorzystuj\u0105c \u017car\u00f3wki z lustrem (z\u0142otym w wersji mosi\u0119\u017cnej i srebrnym w wersji stalowej) \u015bwieci \u015bwiat\u0142em odbitym od wypolerowanej tarczy i rozproszonym przez klosz z grubego szk\u0142a wywo\u0142uj\u0105c pi\u0119kne efekty \u015bwietlne. Szklane klosze wykonywane s\u0105 na po\u0142udniu Polski tradycyjnymi metodami. Reszta konstrukcji w ca\u0142o\u015bci wykonana jest przez TAR. Ka\u017cdy detal tej lampy wykonywany jest r\u0119cznie nowoczesnymi metodami rzemie\u015blniczymi.","_et_gb_content_width":""},"product_brand":[],"product_cat":[428],"product_tag":[350,542,355,461],"class_list":{"0":"post-5269","1":"product","2":"type-product","3":"status-publish","4":"has-post-thumbnail","6":"product_cat-lampy","7":"product_tag-hand-made","8":"product_tag-lamp","9":"product_tag-lampa","10":"product_tag-tomasz-andrzej-rudkiewicz","12":"first","13":"instock","14":"taxable","15":"shipping-taxable","16":"purchasable","17":"product-type-variable"},"yoast_head":"<!-- This site is optimized with the Yoast SEO plugin v27.4 - https:\/\/yoast.com\/product\/yoast-seo-wordpress\/ -->\n<title>Lampa Avocado Wall - TAR - sklep.nowymodel<\/title>\n<meta name=\"description\" content=\"Avocado Wall projektu Tomasza A. Rudkiewicza pe\u0142ni funkcj\u0119 o\u015bwietlenia uzupe\u0142niaj\u0105cego i nastrojowego. Pasuje zar\u00f3wno do wn\u0119trz klasycznych i nowoczesnych.\" \/>\n<meta name=\"robots\" content=\"index, follow, max-snippet:-1, max-image-preview:large, max-video-preview:-1\" \/>\n<link rel=\"canonical\" href=\"https:\/\/sklep.nowymodel.org\/?product=lampa-avocado-wall\" \/>\n<meta property=\"og:locale\" content=\"pl_PL\" \/>\n<meta property=\"og:type\" content=\"article\" \/>\n<meta property=\"og:title\" content=\"Lampa Avocado Wall - TAR - sklep.nowymodel\" \/>\n<meta property=\"og:description\" content=\"Avocado Wall projektu Tomasza A. Rudkiewicza pe\u0142ni funkcj\u0119 o\u015bwietlenia uzupe\u0142niaj\u0105cego i nastrojowego. Pasuje zar\u00f3wno do wn\u0119trz klasycznych i nowoczesnych.\" \/>\n<meta property=\"og:url\" content=\"https:\/\/sklep.nowymodel.org\/?product=lampa-avocado-wall\" \/>\n<meta property=\"og:site_name\" content=\"sklep.nowymodel\" \/>\n<meta property=\"article:modified_time\" content=\"2023-11-30T09:26:38+00:00\" \/>\n<meta property=\"og:image\" content=\"https:\/\/sklep.nowymodel.org\/wp-content\/uploads\/2022\/06\/4-8.jpg\" \/>\n\t<meta property=\"og:image:width\" content=\"2500\" \/>\n\t<meta property=\"og:image:height\" content=\"1667\" \/>\n\t<meta property=\"og:image:type\" content=\"image\/jpeg\" \/>\n<meta name=\"twitter:card\" content=\"summary_large_image\" \/>\n<meta name=\"twitter:label1\" content=\"Szacowany czas czytania\" \/>\n\t<meta name=\"twitter:data1\" content=\"3 minuty\" \/>\n<script type=\"application\/ld+json\" class=\"yoast-schema-graph\">{\"@context\":\"https:\\\/\\\/schema.org\",\"@graph\":[{\"@type\":\"WebPage\",\"@id\":\"https:\\\/\\\/sklep.nowymodel.org\\\/?product=lampa-avocado-wall\",\"url\":\"https:\\\/\\\/sklep.nowymodel.org\\\/?product=lampa-avocado-wall\",\"name\":\"Lampa Avocado Wall - TAR - sklep.nowymodel\",\"isPartOf\":{\"@id\":\"https:\\\/\\\/sklep.nowymodel.org\\\/#website\"},\"primaryImageOfPage\":{\"@id\":\"https:\\\/\\\/sklep.nowymodel.org\\\/?product=lampa-avocado-wall#primaryimage\"},\"image\":{\"@id\":\"https:\\\/\\\/sklep.nowymodel.org\\\/?product=lampa-avocado-wall#primaryimage\"},\"thumbnailUrl\":\"https:\\\/\\\/sklep.nowymodel.org\\\/wp-content\\\/uploads\\\/2022\\\/06\\\/4-8.jpg\",\"datePublished\":\"2023-03-31T12:42:38+00:00\",\"dateModified\":\"2023-11-30T09:26:38+00:00\",\"description\":\"Avocado Wall projektu Tomasza A. Rudkiewicza pe\u0142ni funkcj\u0119 o\u015bwietlenia uzupe\u0142niaj\u0105cego i nastrojowego. Pasuje zar\u00f3wno do wn\u0119trz klasycznych i nowoczesnych.\",\"breadcrumb\":{\"@id\":\"https:\\\/\\\/sklep.nowymodel.org\\\/?product=lampa-avocado-wall#breadcrumb\"},\"inLanguage\":\"pl-PL\",\"potentialAction\":[{\"@type\":\"ReadAction\",\"target\":[\"https:\\\/\\\/sklep.nowymodel.org\\\/?product=lampa-avocado-wall\"]}]},{\"@type\":\"ImageObject\",\"inLanguage\":\"pl-PL\",\"@id\":\"https:\\\/\\\/sklep.nowymodel.org\\\/?product=lampa-avocado-wall#primaryimage\",\"url\":\"https:\\\/\\\/sklep.nowymodel.org\\\/wp-content\\\/uploads\\\/2022\\\/06\\\/4-8.jpg\",\"contentUrl\":\"https:\\\/\\\/sklep.nowymodel.org\\\/wp-content\\\/uploads\\\/2022\\\/06\\\/4-8.jpg\",\"width\":2500,\"height\":1667,\"caption\":\"AVOCADO_\"},{\"@type\":\"BreadcrumbList\",\"@id\":\"https:\\\/\\\/sklep.nowymodel.org\\\/?product=lampa-avocado-wall#breadcrumb\",\"itemListElement\":[{\"@type\":\"ListItem\",\"position\":1,\"name\":\"Strona g\u0142\u00f3wna\",\"item\":\"https:\\\/\\\/sklep.nowymodel.org\\\/\"},{\"@type\":\"ListItem\",\"position\":2,\"name\":\"Sklep\",\"item\":\"https:\\\/\\\/sklep.nowymodel.org\\\/?page_id=7\"},{\"@type\":\"ListItem\",\"position\":3,\"name\":\"Lampa Avocado Wall &#8211; TAR\"}]},{\"@type\":\"WebSite\",\"@id\":\"https:\\\/\\\/sklep.nowymodel.org\\\/#website\",\"url\":\"https:\\\/\\\/sklep.nowymodel.org\\\/\",\"name\":\"sklep.nowymodel\",\"description\":\"Sklep.nowymodel- sklep z designem\",\"potentialAction\":[{\"@type\":\"SearchAction\",\"target\":{\"@type\":\"EntryPoint\",\"urlTemplate\":\"https:\\\/\\\/sklep.nowymodel.org\\\/?s={search_term_string}\"},\"query-input\":{\"@type\":\"PropertyValueSpecification\",\"valueRequired\":true,\"valueName\":\"search_term_string\"}}],\"inLanguage\":\"pl-PL\"}]}<\/script>\n<!-- \/ Yoast SEO plugin. -->","yoast_head_json":{"title":"Lampa Avocado Wall - TAR - sklep.nowymodel","description":"Avocado Wall projektu Tomasza A. Rudkiewicza pe\u0142ni funkcj\u0119 o\u015bwietlenia uzupe\u0142niaj\u0105cego i nastrojowego. Pasuje zar\u00f3wno do wn\u0119trz klasycznych i nowoczesnych.","robots":{"index":"index","follow":"follow","max-snippet":"max-snippet:-1","max-image-preview":"max-image-preview:large","max-video-preview":"max-video-preview:-1"},"canonical":"https:\/\/sklep.nowymodel.org\/?product=lampa-avocado-wall","og_locale":"pl_PL","og_type":"article","og_title":"Lampa Avocado Wall - TAR - sklep.nowymodel","og_description":"Avocado Wall projektu Tomasza A. Rudkiewicza pe\u0142ni funkcj\u0119 o\u015bwietlenia uzupe\u0142niaj\u0105cego i nastrojowego. Pasuje zar\u00f3wno do wn\u0119trz klasycznych i nowoczesnych.","og_url":"https:\/\/sklep.nowymodel.org\/?product=lampa-avocado-wall","og_site_name":"sklep.nowymodel","article_modified_time":"2023-11-30T09:26:38+00:00","og_image":[{"width":2500,"height":1667,"url":"https:\/\/sklep.nowymodel.org\/wp-content\/uploads\/2022\/06\/4-8.jpg","type":"image\/jpeg"}],"twitter_card":"summary_large_image","twitter_misc":{"Szacowany czas czytania":"3 minuty"},"schema":{"@context":"https:\/\/schema.org","@graph":[{"@type":"WebPage","@id":"https:\/\/sklep.nowymodel.org\/?product=lampa-avocado-wall","url":"https:\/\/sklep.nowymodel.org\/?product=lampa-avocado-wall","name":"Lampa Avocado Wall - TAR - sklep.nowymodel","isPartOf":{"@id":"https:\/\/sklep.nowymodel.org\/#website"},"primaryImageOfPage":{"@id":"https:\/\/sklep.nowymodel.org\/?product=lampa-avocado-wall#primaryimage"},"image":{"@id":"https:\/\/sklep.nowymodel.org\/?product=lampa-avocado-wall#primaryimage"},"thumbnailUrl":"https:\/\/sklep.nowymodel.org\/wp-content\/uploads\/2022\/06\/4-8.jpg","datePublished":"2023-03-31T12:42:38+00:00","dateModified":"2023-11-30T09:26:38+00:00","description":"Avocado Wall projektu Tomasza A. Rudkiewicza pe\u0142ni funkcj\u0119 o\u015bwietlenia uzupe\u0142niaj\u0105cego i nastrojowego. Pasuje zar\u00f3wno do wn\u0119trz klasycznych i nowoczesnych.","breadcrumb":{"@id":"https:\/\/sklep.nowymodel.org\/?product=lampa-avocado-wall#breadcrumb"},"inLanguage":"pl-PL","potentialAction":[{"@type":"ReadAction","target":["https:\/\/sklep.nowymodel.org\/?product=lampa-avocado-wall"]}]},{"@type":"ImageObject","inLanguage":"pl-PL","@id":"https:\/\/sklep.nowymodel.org\/?product=lampa-avocado-wall#primaryimage","url":"https:\/\/sklep.nowymodel.org\/wp-content\/uploads\/2022\/06\/4-8.jpg","contentUrl":"https:\/\/sklep.nowymodel.org\/wp-content\/uploads\/2022\/06\/4-8.jpg","width":2500,"height":1667,"caption":"AVOCADO_"},{"@type":"BreadcrumbList","@id":"https:\/\/sklep.nowymodel.org\/?product=lampa-avocado-wall#breadcrumb","itemListElement":[{"@type":"ListItem","position":1,"name":"Strona g\u0142\u00f3wna","item":"https:\/\/sklep.nowymodel.org\/"},{"@type":"ListItem","position":2,"name":"Sklep","item":"https:\/\/sklep.nowymodel.org\/?page_id=7"},{"@type":"ListItem","position":3,"name":"Lampa Avocado Wall &#8211; TAR"}]},{"@type":"WebSite","@id":"https:\/\/sklep.nowymodel.org\/#website","url":"https:\/\/sklep.nowymodel.org\/","name":"sklep.nowymodel","description":"Sklep.nowymodel- sklep z designem","potentialAction":[{"@type":"SearchAction","target":{"@type":"EntryPoint","urlTemplate":"https:\/\/sklep.nowymodel.org\/?s={search_term_string}"},"query-input":{"@type":"PropertyValueSpecification","valueRequired":true,"valueName":"search_term_string"}}],"inLanguage":"pl-PL"}]}},"_links":{"self":[{"href":"https:\/\/sklep.nowymodel.org\/index.php?rest_route=\/wp\/v2\/product\/5269","targetHints":{"allow":["GET"]}}],"collection":[{"href":"https:\/\/sklep.nowymodel.org\/index.php?rest_route=\/wp\/v2\/product"}],"about":[{"href":"https:\/\/sklep.nowymodel.org\/index.php?rest_route=\/wp\/v2\/types\/product"}],"wp:featuredmedia":[{"embeddable":true,"href":"https:\/\/sklep.nowymodel.org\/index.php?rest_route=\/wp\/v2\/media\/2776"}],"wp:attachment":[{"href":"https:\/\/sklep.nowymodel.org\/index.php?rest_route=%2Fwp%2Fv2%2Fmedia&parent=5269"}],"wp:term":[{"taxonomy":"product_brand","embeddable":true,"href":"https:\/\/sklep.nowymodel.org\/index.php?rest_route=%2Fwp%2Fv2%2Fproduct_brand&post=5269"},{"taxonomy":"product_cat","embeddable":true,"href":"https:\/\/sklep.nowymodel.org\/index.php?rest_route=%2Fwp%2Fv2%2Fproduct_cat&post=5269"},{"taxonomy":"product_tag","embeddable":true,"href":"https:\/\/sklep.nowymodel.org\/index.php?rest_route=%2Fwp%2Fv2%2Fproduct_tag&post=5269"}],"curies":[{"name":"wp","href":"https:\/\/api.w.org\/{rel}","templated":true}]}}